{"id":9840,"date":"2023-11-15T12:46:13","date_gmt":"2023-11-15T11:46:13","guid":{"rendered":"https:\/\/brenac-gonzalez.fr\/?post_type=projet&#038;p=9840"},"modified":"2025-07-10T11:50:33","modified_gmt":"2025-07-10T09:50:33","slug":"extension-du-lycee-emilie-du-chatelet","status":"publish","type":"projet","link":"https:\/\/brenac-gonzalez.fr\/en\/projets\/extension-du-lycee-emilie-du-chatelet\/","title":{"rendered":"Extension of Emilie du Ch\u00e2telet High School"},"content":{"rendered":"\n<div class=\"wp-block-group project-template-pattern project-template-1\"><div class=\"wp-block-group__inner-container is-layout-constrained wp-block-group-is-layout-constrained\">\n<p class=\"is-style-heading\">The extension of the Lyc\u00e9e Emilie high school du Ch\u00e2telet extends the existing volume and restructures the exterior spaces, adapting the establishment to its new constraints without neglecting architectural coherence.<\/p>\n\n\n<div class=\"wp-block-image img-alignright-viewport  img-width-80 img-width-mobile-100\">\n<figure class=\"size-full\"><img loading=\"lazy\" decoding=\"async\" width=\"1920\" height=\"1280\" src=\"https:\/\/brenac-gonzalez.fr\/wp-content\/uploads\/2023\/10\/photo-SG-2018-BRENAC_GONZALEZ-ecole-serris-ECR-A-002.jpg\" alt=\"\" class=\"wp-image-8716\" srcset=\"https:\/\/brenac-gonzalez.fr\/wp-content\/uploads\/2023\/10\/photo-SG-2018-BRENAC_GONZALEZ-ecole-serris-ECR-A-002.jpg 1920w, https:\/\/brenac-gonzalez.fr\/wp-content\/uploads\/2023\/10\/photo-SG-2018-BRENAC_GONZALEZ-ecole-serris-ECR-A-002-480x320.jpg 480w, https:\/\/brenac-gonzalez.fr\/wp-content\/uploads\/2023\/10\/photo-SG-2018-BRENAC_GONZALEZ-ecole-serris-ECR-A-002-1024x683.jpg 1024w, https:\/\/brenac-gonzalez.fr\/wp-content\/uploads\/2023\/10\/photo-SG-2018-BRENAC_GONZALEZ-ecole-serris-ECR-A-002-768x512.jpg 768w, https:\/\/brenac-gonzalez.fr\/wp-content\/uploads\/2023\/10\/photo-SG-2018-BRENAC_GONZALEZ-ecole-serris-ECR-A-002-1536x1024.jpg 1536w, https:\/\/brenac-gonzalez.fr\/wp-content\/uploads\/2023\/10\/photo-SG-2018-BRENAC_GONZALEZ-ecole-serris-ECR-A-002-1200x800.jpg 1200w\" sizes=\"auto, (max-width: 1920px) 100vw, 1920px\" \/><\/figure><\/div>\n\n\n<div class=\"wp-block-columns is-layout-flex wp-container-core-columns-is-layout-9d6595d7 wp-block-columns-is-layout-flex\">\n<div class=\"wp-block-column is-layout-flow wp-block-column-is-layout-flow\">\n<p>By restructuring the outside spaces, our intervention extended the Emilie du Ch\u00e2telet high school adding boarding facilities and teaching spaces by restructuring the outside spaces.<br><br>The operation aimed above all to improve the school&#8217;s operations and maintain its aesthetic consistency.<br><br>The extension is compact in its continuity of the existing volume and avoided spreading out over the whole plot; this confrontation required a balance between recesses and openings. The whole complex focuses on sports and landscaped areas, conducive to relaxation and conversations.<\/p>\n\n\n<div class=\"wp-block-image img-alignleft-viewport img-width-100 img-width-mobile-80\">\n<figure class=\"size-full\"><img loading=\"lazy\" decoding=\"async\" width=\"1920\" height=\"1280\" src=\"https:\/\/brenac-gonzalez.fr\/wp-content\/uploads\/2023\/10\/photo-SG-2018-BRENAC_GONZALEZ-ecole-serris-ECR-A-001.jpg\" alt=\"\" class=\"wp-image-8720\" srcset=\"https:\/\/brenac-gonzalez.fr\/wp-content\/uploads\/2023\/10\/photo-SG-2018-BRENAC_GONZALEZ-ecole-serris-ECR-A-001.jpg 1920w, https:\/\/brenac-gonzalez.fr\/wp-content\/uploads\/2023\/10\/photo-SG-2018-BRENAC_GONZALEZ-ecole-serris-ECR-A-001-480x320.jpg 480w, https:\/\/brenac-gonzalez.fr\/wp-content\/uploads\/2023\/10\/photo-SG-2018-BRENAC_GONZALEZ-ecole-serris-ECR-A-001-1024x683.jpg 1024w, https:\/\/brenac-gonzalez.fr\/wp-content\/uploads\/2023\/10\/photo-SG-2018-BRENAC_GONZALEZ-ecole-serris-ECR-A-001-768x512.jpg 768w, https:\/\/brenac-gonzalez.fr\/wp-content\/uploads\/2023\/10\/photo-SG-2018-BRENAC_GONZALEZ-ecole-serris-ECR-A-001-1536x1024.jpg 1536w, https:\/\/brenac-gonzalez.fr\/wp-content\/uploads\/2023\/10\/photo-SG-2018-BRENAC_GONZALEZ-ecole-serris-ECR-A-001-1200x800.jpg 1200w\" sizes=\"auto, (max-width: 1920px) 100vw, 1920px\" \/><\/figure><\/div><\/div>\n\n\n\n<div class=\"wp-block-column is-layout-flow wp-block-column-is-layout-flow\"><div class=\"wp-block-image img-alignright-viewport img-width-100 img-width-mobile-90\">\n<figure class=\"size-full\"><img loading=\"lazy\" decoding=\"async\" width=\"1920\" height=\"1280\" src=\"https:\/\/brenac-gonzalez.fr\/wp-content\/uploads\/2023\/10\/photo-SG-2018-BRENAC_GONZALEZ-ecole-serris-ECR-A-014.jpg\" alt=\"\" class=\"wp-image-8722\" srcset=\"https:\/\/brenac-gonzalez.fr\/wp-content\/uploads\/2023\/10\/photo-SG-2018-BRENAC_GONZALEZ-ecole-serris-ECR-A-014.jpg 1920w, https:\/\/brenac-gonzalez.fr\/wp-content\/uploads\/2023\/10\/photo-SG-2018-BRENAC_GONZALEZ-ecole-serris-ECR-A-014-480x320.jpg 480w, https:\/\/brenac-gonzalez.fr\/wp-content\/uploads\/2023\/10\/photo-SG-2018-BRENAC_GONZALEZ-ecole-serris-ECR-A-014-1024x683.jpg 1024w, https:\/\/brenac-gonzalez.fr\/wp-content\/uploads\/2023\/10\/photo-SG-2018-BRENAC_GONZALEZ-ecole-serris-ECR-A-014-768x512.jpg 768w, https:\/\/brenac-gonzalez.fr\/wp-content\/uploads\/2023\/10\/photo-SG-2018-BRENAC_GONZALEZ-ecole-serris-ECR-A-014-1536x1024.jpg 1536w, https:\/\/brenac-gonzalez.fr\/wp-content\/uploads\/2023\/10\/photo-SG-2018-BRENAC_GONZALEZ-ecole-serris-ECR-A-014-1200x800.jpg 1200w\" sizes=\"auto, (max-width: 1920px) 100vw, 1920px\" \/><\/figure><\/div>\n\n\n<p>A footbridge provides a link between the school\u2019s temporal strata, separated by empty spaces. The external gallery linking the boarding facility hall and the school canteen is made of stained concrete, like the existing one. It enabled the external extension of the spaces, under the protection of the courtyard.<\/p>\n\n\n\n<p>In the courtyard, spanned by the boarding school in the middle, playing with ground-levels made it possible to delimit spaces and their continuity by varying the atmospheres.&nbsp;<\/p>\n\n\n\n<p>Consistency and complementarity were the key words for this extension.<\/p>\n<\/div>\n<\/div>\n\n\n<div class=\"wp-block-image img-alignright-viewport img-width-80 img-width-mobile-100\">\n<figure class=\"size-full\"><img loading=\"lazy\" decoding=\"async\" width=\"1920\" height=\"1280\" src=\"https:\/\/brenac-gonzalez.fr\/wp-content\/uploads\/2023\/10\/photo-SG-2018-BRENAC_GONZALEZ-ecole-serris-ECR-A-026.jpg\" alt=\"\" class=\"wp-image-8726\" srcset=\"https:\/\/brenac-gonzalez.fr\/wp-content\/uploads\/2023\/10\/photo-SG-2018-BRENAC_GONZALEZ-ecole-serris-ECR-A-026.jpg 1920w, https:\/\/brenac-gonzalez.fr\/wp-content\/uploads\/2023\/10\/photo-SG-2018-BRENAC_GONZALEZ-ecole-serris-ECR-A-026-480x320.jpg 480w, https:\/\/brenac-gonzalez.fr\/wp-content\/uploads\/2023\/10\/photo-SG-2018-BRENAC_GONZALEZ-ecole-serris-ECR-A-026-1024x683.jpg 1024w, https:\/\/brenac-gonzalez.fr\/wp-content\/uploads\/2023\/10\/photo-SG-2018-BRENAC_GONZALEZ-ecole-serris-ECR-A-026-768x512.jpg 768w, https:\/\/brenac-gonzalez.fr\/wp-content\/uploads\/2023\/10\/photo-SG-2018-BRENAC_GONZALEZ-ecole-serris-ECR-A-026-1536x1024.jpg 1536w, https:\/\/brenac-gonzalez.fr\/wp-content\/uploads\/2023\/10\/photo-SG-2018-BRENAC_GONZALEZ-ecole-serris-ECR-A-026-1200x800.jpg 1200w\" sizes=\"auto, (max-width: 1920px) 100vw, 1920px\" \/><\/figure><\/div>\n\n\n<p>The volumes are simple; on the facade, the anodized aluminum frames give a third dimension to the openings with an elegant play of shadows.&nbsp;<br><br>The interior spaces also focus on the windows, enhanced by light-colored wooden coping that give them a comfortable thickness, whether in the classrooms or in the boarding rooms.<\/p>\n\n\n<div class=\"wp-block-image img-alignleft-viewport img-width-64 img-width-mobile-100\">\n<figure class=\"size-full\"><img loading=\"lazy\" decoding=\"async\" width=\"1920\" height=\"1280\" src=\"https:\/\/brenac-gonzalez.fr\/wp-content\/uploads\/2023\/10\/photo-SG-2018-BRENAC_GONZALEZ-ecole-serris-ECR-A-021.jpg\" alt=\"\" class=\"wp-image-8728\" srcset=\"https:\/\/brenac-gonzalez.fr\/wp-content\/uploads\/2023\/10\/photo-SG-2018-BRENAC_GONZALEZ-ecole-serris-ECR-A-021.jpg 1920w, https:\/\/brenac-gonzalez.fr\/wp-content\/uploads\/2023\/10\/photo-SG-2018-BRENAC_GONZALEZ-ecole-serris-ECR-A-021-480x320.jpg 480w, https:\/\/brenac-gonzalez.fr\/wp-content\/uploads\/2023\/10\/photo-SG-2018-BRENAC_GONZALEZ-ecole-serris-ECR-A-021-1024x683.jpg 1024w, https:\/\/brenac-gonzalez.fr\/wp-content\/uploads\/2023\/10\/photo-SG-2018-BRENAC_GONZALEZ-ecole-serris-ECR-A-021-768x512.jpg 768w, https:\/\/brenac-gonzalez.fr\/wp-content\/uploads\/2023\/10\/photo-SG-2018-BRENAC_GONZALEZ-ecole-serris-ECR-A-021-1536x1024.jpg 1536w, https:\/\/brenac-gonzalez.fr\/wp-content\/uploads\/2023\/10\/photo-SG-2018-BRENAC_GONZALEZ-ecole-serris-ECR-A-021-1200x800.jpg 1200w\" sizes=\"auto, (max-width: 1920px) 100vw, 1920px\" \/><\/figure><\/div>\n\n<div class=\"wp-block-image img-alignright-viewport img-width-64 img-width-mobile-100\">\n<figure class=\"size-full\"><img loading=\"lazy\" decoding=\"async\" width=\"1435\" height=\"1920\" src=\"https:\/\/brenac-gonzalez.fr\/wp-content\/uploads\/2023\/10\/photo-SG-2018-BRENAC_GONZALEZ-ecole-serris-ECR-A-018.jpg\" alt=\"\" class=\"wp-image-8730\" srcset=\"https:\/\/brenac-gonzalez.fr\/wp-content\/uploads\/2023\/10\/photo-SG-2018-BRENAC_GONZALEZ-ecole-serris-ECR-A-018.jpg 1435w, https:\/\/brenac-gonzalez.fr\/wp-content\/uploads\/2023\/10\/photo-SG-2018-BRENAC_GONZALEZ-ecole-serris-ECR-A-018-269x360.jpg 269w, https:\/\/brenac-gonzalez.fr\/wp-content\/uploads\/2023\/10\/photo-SG-2018-BRENAC_GONZALEZ-ecole-serris-ECR-A-018-765x1024.jpg 765w, https:\/\/brenac-gonzalez.fr\/wp-content\/uploads\/2023\/10\/photo-SG-2018-BRENAC_GONZALEZ-ecole-serris-ECR-A-018-768x1028.jpg 768w, https:\/\/brenac-gonzalez.fr\/wp-content\/uploads\/2023\/10\/photo-SG-2018-BRENAC_GONZALEZ-ecole-serris-ECR-A-018-1148x1536.jpg 1148w, https:\/\/brenac-gonzalez.fr\/wp-content\/uploads\/2023\/10\/photo-SG-2018-BRENAC_GONZALEZ-ecole-serris-ECR-A-018-897x1200.jpg 897w\" sizes=\"auto, (max-width: 1435px) 100vw, 1435px\" \/><\/figure><\/div><\/div><\/div>\n\n\n\n<div class=\"wp-block-group project-template-pattern project-template-3\"><div class=\"wp-block-group__inner-container is-layout-constrained wp-block-group-is-layout-constrained\">\n<p class=\"is-style-toptitle\"><\/p>\n\n\n\n<p class=\"is-style-heading\"><\/p>\n\n\n<div class=\"wp-block-image img-alignright-viewport img-width-80 img-width-mobile-100\">\n<figure class=\"size-full\"><img loading=\"lazy\" decoding=\"async\" width=\"1920\" height=\"1280\" src=\"https:\/\/brenac-gonzalez.fr\/wp-content\/uploads\/2023\/10\/photo-SG-2018-BRENAC_GONZALEZ-ecole-serris-ECR-A-019.jpg\" alt=\"\" class=\"wp-image-8732\" srcset=\"https:\/\/brenac-gonzalez.fr\/wp-content\/uploads\/2023\/10\/photo-SG-2018-BRENAC_GONZALEZ-ecole-serris-ECR-A-019.jpg 1920w, https:\/\/brenac-gonzalez.fr\/wp-content\/uploads\/2023\/10\/photo-SG-2018-BRENAC_GONZALEZ-ecole-serris-ECR-A-019-480x320.jpg 480w, https:\/\/brenac-gonzalez.fr\/wp-content\/uploads\/2023\/10\/photo-SG-2018-BRENAC_GONZALEZ-ecole-serris-ECR-A-019-1024x683.jpg 1024w, https:\/\/brenac-gonzalez.fr\/wp-content\/uploads\/2023\/10\/photo-SG-2018-BRENAC_GONZALEZ-ecole-serris-ECR-A-019-768x512.jpg 768w, https:\/\/brenac-gonzalez.fr\/wp-content\/uploads\/2023\/10\/photo-SG-2018-BRENAC_GONZALEZ-ecole-serris-ECR-A-019-1536x1024.jpg 1536w, https:\/\/brenac-gonzalez.fr\/wp-content\/uploads\/2023\/10\/photo-SG-2018-BRENAC_GONZALEZ-ecole-serris-ECR-A-019-1200x800.jpg 1200w\" sizes=\"auto, (max-width: 1920px) 100vw, 1920px\" \/><\/figure><\/div>\n\n\n<div class=\"wp-block-columns is-layout-flex wp-container-core-columns-is-layout-9d6595d7 wp-block-columns-is-layout-flex\">\n<div class=\"wp-block-column is-layout-flow wp-block-column-is-layout-flow\">\n<figure class=\"wp-block-image size-full img-width-mobile-90\"><img loading=\"lazy\" decoding=\"async\" width=\"1920\" height=\"1280\" src=\"https:\/\/brenac-gonzalez.fr\/wp-content\/uploads\/2023\/10\/photo-SG-2018-BRENAC_GONZALEZ-ecole-serris-ECR-A-020.jpg\" alt=\"\" class=\"wp-image-8736\" srcset=\"https:\/\/brenac-gonzalez.fr\/wp-content\/uploads\/2023\/10\/photo-SG-2018-BRENAC_GONZALEZ-ecole-serris-ECR-A-020.jpg 1920w, https:\/\/brenac-gonzalez.fr\/wp-content\/uploads\/2023\/10\/photo-SG-2018-BRENAC_GONZALEZ-ecole-serris-ECR-A-020-480x320.jpg 480w, https:\/\/brenac-gonzalez.fr\/wp-content\/uploads\/2023\/10\/photo-SG-2018-BRENAC_GONZALEZ-ecole-serris-ECR-A-020-1024x683.jpg 1024w, https:\/\/brenac-gonzalez.fr\/wp-content\/uploads\/2023\/10\/photo-SG-2018-BRENAC_GONZALEZ-ecole-serris-ECR-A-020-768x512.jpg 768w, https:\/\/brenac-gonzalez.fr\/wp-content\/uploads\/2023\/10\/photo-SG-2018-BRENAC_GONZALEZ-ecole-serris-ECR-A-020-1536x1024.jpg 1536w, https:\/\/brenac-gonzalez.fr\/wp-content\/uploads\/2023\/10\/photo-SG-2018-BRENAC_GONZALEZ-ecole-serris-ECR-A-020-1200x800.jpg 1200w\" sizes=\"auto, (max-width: 1920px) 100vw, 1920px\" \/><\/figure>\n<\/div>\n\n\n\n<div class=\"wp-block-column is-layout-flow wp-block-column-is-layout-flow\">\n<p><\/p>\n<\/div>\n<\/div>\n\n\n\n<div class=\"wp-block-group\"><div class=\"wp-block-group__inner-container is-layout-constrained wp-block-group-is-layout-constrained\"><div class=\"wp-block-image img-alignleft-viewport img-width-80 img-width-mobile-100\">\n<figure class=\"size-full\"><img loading=\"lazy\" decoding=\"async\" width=\"1920\" height=\"1280\" src=\"https:\/\/brenac-gonzalez.fr\/wp-content\/uploads\/2023\/10\/photo-SG-2018-BRENAC_GONZALEZ-ecole-serris-ECR-A-030-1.jpg\" alt=\"\" class=\"wp-image-8738\" srcset=\"https:\/\/brenac-gonzalez.fr\/wp-content\/uploads\/2023\/10\/photo-SG-2018-BRENAC_GONZALEZ-ecole-serris-ECR-A-030-1.jpg 1920w, https:\/\/brenac-gonzalez.fr\/wp-content\/uploads\/2023\/10\/photo-SG-2018-BRENAC_GONZALEZ-ecole-serris-ECR-A-030-1-480x320.jpg 480w, https:\/\/brenac-gonzalez.fr\/wp-content\/uploads\/2023\/10\/photo-SG-2018-BRENAC_GONZALEZ-ecole-serris-ECR-A-030-1-1024x683.jpg 1024w, https:\/\/brenac-gonzalez.fr\/wp-content\/uploads\/2023\/10\/photo-SG-2018-BRENAC_GONZALEZ-ecole-serris-ECR-A-030-1-768x512.jpg 768w, https:\/\/brenac-gonzalez.fr\/wp-content\/uploads\/2023\/10\/photo-SG-2018-BRENAC_GONZALEZ-ecole-serris-ECR-A-030-1-1536x1024.jpg 1536w, https:\/\/brenac-gonzalez.fr\/wp-content\/uploads\/2023\/10\/photo-SG-2018-BRENAC_GONZALEZ-ecole-serris-ECR-A-030-1-1200x800.jpg 1200w\" sizes=\"auto, (max-width: 1920px) 100vw, 1920px\" \/><\/figure><\/div>\n\n<div class=\"wp-block-image img-alignright-viewport img-width-80 img-width-mobile-100\">\n<figure class=\"size-full\"><img loading=\"lazy\" decoding=\"async\" width=\"1920\" height=\"1280\" src=\"https:\/\/brenac-gonzalez.fr\/wp-content\/uploads\/2023\/10\/photo-SG-2018-BRENAC_GONZALEZ-ecole-serris-ECR-A-035.jpg\" alt=\"\" class=\"wp-image-8740\" srcset=\"https:\/\/brenac-gonzalez.fr\/wp-content\/uploads\/2023\/10\/photo-SG-2018-BRENAC_GONZALEZ-ecole-serris-ECR-A-035.jpg 1920w, https:\/\/brenac-gonzalez.fr\/wp-content\/uploads\/2023\/10\/photo-SG-2018-BRENAC_GONZALEZ-ecole-serris-ECR-A-035-480x320.jpg 480w, https:\/\/brenac-gonzalez.fr\/wp-content\/uploads\/2023\/10\/photo-SG-2018-BRENAC_GONZALEZ-ecole-serris-ECR-A-035-1024x683.jpg 1024w, https:\/\/brenac-gonzalez.fr\/wp-content\/uploads\/2023\/10\/photo-SG-2018-BRENAC_GONZALEZ-ecole-serris-ECR-A-035-768x512.jpg 768w, https:\/\/brenac-gonzalez.fr\/wp-content\/uploads\/2023\/10\/photo-SG-2018-BRENAC_GONZALEZ-ecole-serris-ECR-A-035-1536x1024.jpg 1536w, https:\/\/brenac-gonzalez.fr\/wp-content\/uploads\/2023\/10\/photo-SG-2018-BRENAC_GONZALEZ-ecole-serris-ECR-A-035-1200x800.jpg 1200w\" sizes=\"auto, (max-width: 1920px) 100vw, 1920px\" \/><\/figure><\/div><\/div><\/div>\n\n\n\n<div class=\"wp-block-columns is-layout-flex wp-container-core-columns-is-layout-9d6595d7 wp-block-columns-is-layout-flex\">\n<div class=\"wp-block-column is-layout-flow wp-block-column-is-layout-flow\">\n<p><\/p>\n<\/div>\n\n\n\n<div class=\"wp-block-column is-layout-flow wp-block-column-is-layout-flow\">\n<p><\/p>\n<\/div>\n<\/div>\n\n\n\n<figure class=\"wp-block-image size-large img-aligncenterleft img-width-65 img-width-mobile-100\"><img loading=\"lazy\" decoding=\"async\" width=\"1024\" height=\"638\" src=\"https:\/\/brenac-gonzalez.fr\/wp-content\/uploads\/2023\/10\/photo-SG-2018-BRENAC_GONZALEZ-ecole-serris-ECR-A-015-1024x638.jpg\" alt=\"\" class=\"wp-image-8742\" srcset=\"https:\/\/brenac-gonzalez.fr\/wp-content\/uploads\/2023\/10\/photo-SG-2018-BRENAC_GONZALEZ-ecole-serris-ECR-A-015-1024x638.jpg 1024w, https:\/\/brenac-gonzalez.fr\/wp-content\/uploads\/2023\/10\/photo-SG-2018-BRENAC_GONZALEZ-ecole-serris-ECR-A-015-480x299.jpg 480w, https:\/\/brenac-gonzalez.fr\/wp-content\/uploads\/2023\/10\/photo-SG-2018-BRENAC_GONZALEZ-ecole-serris-ECR-A-015-768x479.jpg 768w, https:\/\/brenac-gonzalez.fr\/wp-content\/uploads\/2023\/10\/photo-SG-2018-BRENAC_GONZALEZ-ecole-serris-ECR-A-015-1536x958.jpg 1536w, https:\/\/brenac-gonzalez.fr\/wp-content\/uploads\/2023\/10\/photo-SG-2018-BRENAC_GONZALEZ-ecole-serris-ECR-A-015-1200x748.jpg 1200w, https:\/\/brenac-gonzalez.fr\/wp-content\/uploads\/2023\/10\/photo-SG-2018-BRENAC_GONZALEZ-ecole-serris-ECR-A-015.jpg 1920w\" sizes=\"auto, (max-width: 1024px) 100vw, 1024px\" \/><\/figure>\n<\/div><\/div>\n\n\n\n<p class=\"is-style-photo-credits\">Photographie : Sergio Grazia<\/p>\n","protected":false},"excerpt":{"rendered":"<p>The extension of the Lyc\u00e9e Emilie high school du Ch\u00e2telet extends the existing volume and restructures the exterior spaces, adapting the establishment to its new constraints without neglecting architectural coherence. By restructuring the outside spaces, our intervention extended the Emilie du Ch\u00e2telet high school adding boarding facilities and teaching spaces by restructuring the outside spaces. [&hellip;]<\/p>\n","protected":false},"author":7,"featured_media":8714,"template":"","meta":{"_acf_changed":false},"categories":[181],"client":[214],"etat":[79],"sustainability":[],"simplified_certification":[],"materiel":[],"localisation":[472],"class_list":["post-9840","projet","type-projet","status-publish","has-post-thumbnail","hentry","category-school","client-region-ile-de-france-en","etat-book","localisation-serris-en"],"acf":[],"yoast_head":"<!-- This site is optimized with the Yoast SEO plugin v20.11 - https:\/\/yoast.com\/wordpress\/plugins\/seo\/ -->\n<title>Extension of Emilie du Ch\u00e2telet High School - Brenac &amp; Gonzalez et Associ\u00e9s<\/title>\n<meta name=\"robots\" content=\"index, follow, max-snippet:-1, max-image-preview:large, max-video-preview:-1\" \/>\n<link rel=\"canonical\" href=\"https:\/\/brenac-gonzalez.fr\/en\/projets\/extension-du-lycee-emilie-du-chatelet\/\" \/>\n<meta property=\"og:locale\" content=\"en_US\" \/>\n<meta property=\"og:type\" content=\"article\" \/>\n<meta property=\"og:title\" content=\"Extension of Emilie du Ch\u00e2telet High School - Brenac &amp; Gonzalez et Associ\u00e9s\" \/>\n<meta property=\"og:description\" content=\"The extension of the Lyc\u00e9e Emilie high school du Ch\u00e2telet extends the existing volume and restructures the exterior spaces, adapting the establishment to its new constraints without neglecting architectural coherence. By restructuring the outside spaces, our intervention extended the Emilie du Ch\u00e2telet high school adding boarding facilities and teaching spaces by restructuring the outside spaces. [&hellip;]\" \/>\n<meta property=\"og:url\" content=\"https:\/\/brenac-gonzalez.fr\/en\/projets\/extension-du-lycee-emilie-du-chatelet\/\" \/>\n<meta property=\"og:site_name\" content=\"Brenac &amp; Gonzalez et Associ\u00e9s\" \/>\n<meta property=\"article:publisher\" content=\"https:\/\/fr-fr.facebook.com\/BrenacGonzalez\/\" \/>\n<meta property=\"article:modified_time\" content=\"2025-07-10T09:50:33+00:00\" \/>\n<meta property=\"og:image\" content=\"https:\/\/brenac-gonzalez.fr\/wp-content\/uploads\/2020\/02\/photo-SG-2018-BRENAC_GONZALEZ-ecole-serris-ECR-A-016.jpg\" \/>\n\t<meta property=\"og:image:width\" content=\"1920\" \/>\n\t<meta property=\"og:image:height\" content=\"1280\" \/>\n\t<meta property=\"og:image:type\" content=\"image\/jpeg\" \/>\n<meta name=\"twitter:card\" content=\"summary_large_image\" \/>\n<meta name=\"twitter:label1\" content=\"Est. reading time\" \/>\n\t<meta name=\"twitter:data1\" content=\"4 minutes\" \/>\n<script type=\"application\/ld+json\" class=\"yoast-schema-graph\">{\"@context\":\"https:\/\/schema.org\",\"@graph\":[{\"@type\":\"WebPage\",\"@id\":\"https:\/\/brenac-gonzalez.fr\/en\/projets\/extension-du-lycee-emilie-du-chatelet\/\",\"url\":\"https:\/\/brenac-gonzalez.fr\/en\/projets\/extension-du-lycee-emilie-du-chatelet\/\",\"name\":\"Extension of Emilie du Ch\u00e2telet High School - Brenac &amp; Gonzalez et Associ\u00e9s\",\"isPartOf\":{\"@id\":\"https:\/\/brenac-gonzalez.fr\/#website\"},\"datePublished\":\"2023-11-15T11:46:13+00:00\",\"dateModified\":\"2025-07-10T09:50:33+00:00\",\"breadcrumb\":{\"@id\":\"https:\/\/brenac-gonzalez.fr\/en\/projets\/extension-du-lycee-emilie-du-chatelet\/#breadcrumb\"},\"inLanguage\":\"en-US\",\"potentialAction\":[{\"@type\":\"ReadAction\",\"target\":[\"https:\/\/brenac-gonzalez.fr\/en\/projets\/extension-du-lycee-emilie-du-chatelet\/\"]}]},{\"@type\":\"BreadcrumbList\",\"@id\":\"https:\/\/brenac-gonzalez.fr\/en\/projets\/extension-du-lycee-emilie-du-chatelet\/#breadcrumb\",\"itemListElement\":[{\"@type\":\"ListItem\",\"position\":1,\"name\":\"Portada\",\"item\":\"https:\/\/brenac-gonzalez.fr\/en\/\"},{\"@type\":\"ListItem\",\"position\":2,\"name\":\"Projets\",\"item\":\"https:\/\/brenac-gonzalez.fr\/projets\/\"},{\"@type\":\"ListItem\",\"position\":3,\"name\":\"Extension of Emilie du Ch\u00e2telet High School\"}]},{\"@type\":\"WebSite\",\"@id\":\"https:\/\/brenac-gonzalez.fr\/#website\",\"url\":\"https:\/\/brenac-gonzalez.fr\/\",\"name\":\"Brenac &amp; Gonzalez et Associ\u00e9s\",\"description\":\"Atelier d&#039;architecture\",\"potentialAction\":[{\"@type\":\"SearchAction\",\"target\":{\"@type\":\"EntryPoint\",\"urlTemplate\":\"https:\/\/brenac-gonzalez.fr\/?s={search_term_string}\"},\"query-input\":\"required name=search_term_string\"}],\"inLanguage\":\"en-US\"}]}<\/script>\n<!-- \/ Yoast SEO plugin. -->","yoast_head_json":{"title":"Extension of Emilie du Ch\u00e2telet High School - Brenac &amp; Gonzalez et Associ\u00e9s","robots":{"index":"index","follow":"follow","max-snippet":"max-snippet:-1","max-image-preview":"max-image-preview:large","max-video-preview":"max-video-preview:-1"},"canonical":"https:\/\/brenac-gonzalez.fr\/en\/projets\/extension-du-lycee-emilie-du-chatelet\/","og_locale":"en_US","og_type":"article","og_title":"Extension of Emilie du Ch\u00e2telet High School - Brenac &amp; Gonzalez et Associ\u00e9s","og_description":"The extension of the Lyc\u00e9e Emilie high school du Ch\u00e2telet extends the existing volume and restructures the exterior spaces, adapting the establishment to its new constraints without neglecting architectural coherence. By restructuring the outside spaces, our intervention extended the Emilie du Ch\u00e2telet high school adding boarding facilities and teaching spaces by restructuring the outside spaces. [&hellip;]","og_url":"https:\/\/brenac-gonzalez.fr\/en\/projets\/extension-du-lycee-emilie-du-chatelet\/","og_site_name":"Brenac &amp; Gonzalez et Associ\u00e9s","article_publisher":"https:\/\/fr-fr.facebook.com\/BrenacGonzalez\/","article_modified_time":"2025-07-10T09:50:33+00:00","og_image":[{"width":1920,"height":1280,"url":"https:\/\/brenac-gonzalez.fr\/wp-content\/uploads\/2020\/02\/photo-SG-2018-BRENAC_GONZALEZ-ecole-serris-ECR-A-016.jpg","type":"image\/jpeg"}],"twitter_card":"summary_large_image","twitter_misc":{"Est. reading time":"4 minutes"},"schema":{"@context":"https:\/\/schema.org","@graph":[{"@type":"WebPage","@id":"https:\/\/brenac-gonzalez.fr\/en\/projets\/extension-du-lycee-emilie-du-chatelet\/","url":"https:\/\/brenac-gonzalez.fr\/en\/projets\/extension-du-lycee-emilie-du-chatelet\/","name":"Extension of Emilie du Ch\u00e2telet High School - Brenac &amp; Gonzalez et Associ\u00e9s","isPartOf":{"@id":"https:\/\/brenac-gonzalez.fr\/#website"},"datePublished":"2023-11-15T11:46:13+00:00","dateModified":"2025-07-10T09:50:33+00:00","breadcrumb":{"@id":"https:\/\/brenac-gonzalez.fr\/en\/projets\/extension-du-lycee-emilie-du-chatelet\/#breadcrumb"},"inLanguage":"en-US","potentialAction":[{"@type":"ReadAction","target":["https:\/\/brenac-gonzalez.fr\/en\/projets\/extension-du-lycee-emilie-du-chatelet\/"]}]},{"@type":"BreadcrumbList","@id":"https:\/\/brenac-gonzalez.fr\/en\/projets\/extension-du-lycee-emilie-du-chatelet\/#breadcrumb","itemListElement":[{"@type":"ListItem","position":1,"name":"Portada","item":"https:\/\/brenac-gonzalez.fr\/en\/"},{"@type":"ListItem","position":2,"name":"Projets","item":"https:\/\/brenac-gonzalez.fr\/projets\/"},{"@type":"ListItem","position":3,"name":"Extension of Emilie du Ch\u00e2telet High School"}]},{"@type":"WebSite","@id":"https:\/\/brenac-gonzalez.fr\/#website","url":"https:\/\/brenac-gonzalez.fr\/","name":"Brenac &amp; Gonzalez et Associ\u00e9s","description":"Atelier d&#039;architecture","potentialAction":[{"@type":"SearchAction","target":{"@type":"EntryPoint","urlTemplate":"https:\/\/brenac-gonzalez.fr\/?s={search_term_string}"},"query-input":"required name=search_term_string"}],"inLanguage":"en-US"}]}},"_links":{"self":[{"href":"https:\/\/brenac-gonzalez.fr\/en\/wp-json\/wp\/v2\/projet\/9840","targetHints":{"allow":["GET"]}}],"collection":[{"href":"https:\/\/brenac-gonzalez.fr\/en\/wp-json\/wp\/v2\/projet"}],"about":[{"href":"https:\/\/brenac-gonzalez.fr\/en\/wp-json\/wp\/v2\/types\/projet"}],"author":[{"embeddable":true,"href":"https:\/\/brenac-gonzalez.fr\/en\/wp-json\/wp\/v2\/users\/7"}],"wp:featuredmedia":[{"embeddable":true,"href":"https:\/\/brenac-gonzalez.fr\/en\/wp-json\/wp\/v2\/media\/8714"}],"wp:attachment":[{"href":"https:\/\/brenac-gonzalez.fr\/en\/wp-json\/wp\/v2\/media?parent=9840"}],"wp:term":[{"taxonomy":"category","embeddable":true,"href":"https:\/\/brenac-gonzalez.fr\/en\/wp-json\/wp\/v2\/categories?post=9840"},{"taxonomy":"client","embeddable":true,"href":"https:\/\/brenac-gonzalez.fr\/en\/wp-json\/wp\/v2\/client?post=9840"},{"taxonomy":"etat","embeddable":true,"href":"https:\/\/brenac-gonzalez.fr\/en\/wp-json\/wp\/v2\/etat?post=9840"},{"taxonomy":"sustainability","embeddable":true,"href":"https:\/\/brenac-gonzalez.fr\/en\/wp-json\/wp\/v2\/sustainability?post=9840"},{"taxonomy":"simplified_certification","embeddable":true,"href":"https:\/\/brenac-gonzalez.fr\/en\/wp-json\/wp\/v2\/simplified_certification?post=9840"},{"taxonomy":"materiel","embeddable":true,"href":"https:\/\/brenac-gonzalez.fr\/en\/wp-json\/wp\/v2\/materiel?post=9840"},{"taxonomy":"localisation","embeddable":true,"href":"https:\/\/brenac-gonzalez.fr\/en\/wp-json\/wp\/v2\/localisation?post=9840"}],"curies":[{"name":"wp","href":"https:\/\/api.w.org\/{rel}","templated":true}]}}