{"id":9658,"date":"2023-11-06T17:39:19","date_gmt":"2023-11-06T16:39:19","guid":{"rendered":"https:\/\/brenac-gonzalez.fr\/?post_type=projet&#038;p=9658"},"modified":"2025-07-10T11:46:40","modified_gmt":"2025-07-10T09:46:40","slug":"college-amedee-laplace","status":"publish","type":"projet","link":"https:\/\/brenac-gonzalez.fr\/en\/projets\/college-amedee-laplace\/","title":{"rendered":"Am\u00e9d\u00e9e Laplace secondary school"},"content":{"rendered":"\n<div class=\"wp-block-group project-template-pattern project-template-2\"><div class=\"wp-block-group__inner-container is-layout-constrained wp-block-group-is-layout-constrained\">\n<p class=\"is-style-heading\">A sculptural superposition of aerial volumes.<\/p>\n\n\n\n<div class=\"wp-block-group\"><div class=\"wp-block-group__inner-container is-layout-constrained wp-block-group-is-layout-constrained\"><div class=\"wp-block-image img-alignleft-viewport img-width-80 img-width-mobile-100\">\n<figure class=\"size-large\"><img loading=\"lazy\" decoding=\"async\" width=\"1024\" height=\"576\" src=\"https:\/\/brenac-gonzalez.fr\/wp-content\/uploads\/2017\/02\/amedee9-1024x576.jpg\" alt=\"\" class=\"wp-image-1917\" srcset=\"https:\/\/brenac-gonzalez.fr\/wp-content\/uploads\/2017\/02\/amedee9-1024x576.jpg 1024w, https:\/\/brenac-gonzalez.fr\/wp-content\/uploads\/2017\/02\/amedee9-480x270.jpg 480w, https:\/\/brenac-gonzalez.fr\/wp-content\/uploads\/2017\/02\/amedee9-768x432.jpg 768w, https:\/\/brenac-gonzalez.fr\/wp-content\/uploads\/2017\/02\/amedee9-1536x864.jpg 1536w, https:\/\/brenac-gonzalez.fr\/wp-content\/uploads\/2017\/02\/amedee9-1200x675.jpg 1200w, https:\/\/brenac-gonzalez.fr\/wp-content\/uploads\/2017\/02\/amedee9-300x169.jpg 300w, https:\/\/brenac-gonzalez.fr\/wp-content\/uploads\/2017\/02\/amedee9.jpg 1920w\" sizes=\"auto, (max-width: 1024px) 100vw, 1024px\" \/><\/figure><\/div>\n\n<div class=\"wp-block-image img-alignright-viewport img-width-80 img-width-mobile-100\">\n<figure class=\"size-large\"><img loading=\"lazy\" decoding=\"async\" width=\"1024\" height=\"576\" src=\"https:\/\/brenac-gonzalez.fr\/wp-content\/uploads\/2017\/02\/amedee8-1024x576.jpg\" alt=\"\" class=\"wp-image-1915\" srcset=\"https:\/\/brenac-gonzalez.fr\/wp-content\/uploads\/2017\/02\/amedee8-1024x576.jpg 1024w, https:\/\/brenac-gonzalez.fr\/wp-content\/uploads\/2017\/02\/amedee8-480x270.jpg 480w, https:\/\/brenac-gonzalez.fr\/wp-content\/uploads\/2017\/02\/amedee8-768x432.jpg 768w, https:\/\/brenac-gonzalez.fr\/wp-content\/uploads\/2017\/02\/amedee8-1536x864.jpg 1536w, https:\/\/brenac-gonzalez.fr\/wp-content\/uploads\/2017\/02\/amedee8-1200x675.jpg 1200w, https:\/\/brenac-gonzalez.fr\/wp-content\/uploads\/2017\/02\/amedee8-300x169.jpg 300w, https:\/\/brenac-gonzalez.fr\/wp-content\/uploads\/2017\/02\/amedee8.jpg 1920w\" sizes=\"auto, (max-width: 1024px) 100vw, 1024px\" \/><\/figure><\/div><\/div><\/div>\n\n\n\n<div class=\"wp-block-columns is-layout-flex wp-container-core-columns-is-layout-9d6595d7 wp-block-columns-is-layout-flex\">\n<div class=\"wp-block-column is-layout-flow wp-block-column-is-layout-flow\">\n<figure class=\"wp-block-image size-large img-width-mobile-90\"><img loading=\"lazy\" decoding=\"async\" width=\"1024\" height=\"576\" src=\"https:\/\/brenac-gonzalez.fr\/wp-content\/uploads\/2017\/02\/amedee2-1024x576.jpg\" alt=\"\" class=\"wp-image-1903\" srcset=\"https:\/\/brenac-gonzalez.fr\/wp-content\/uploads\/2017\/02\/amedee2-1024x576.jpg 1024w, https:\/\/brenac-gonzalez.fr\/wp-content\/uploads\/2017\/02\/amedee2-480x270.jpg 480w, https:\/\/brenac-gonzalez.fr\/wp-content\/uploads\/2017\/02\/amedee2-768x432.jpg 768w, https:\/\/brenac-gonzalez.fr\/wp-content\/uploads\/2017\/02\/amedee2-1536x864.jpg 1536w, https:\/\/brenac-gonzalez.fr\/wp-content\/uploads\/2017\/02\/amedee2-1200x675.jpg 1200w, https:\/\/brenac-gonzalez.fr\/wp-content\/uploads\/2017\/02\/amedee2-300x169.jpg 300w, https:\/\/brenac-gonzalez.fr\/wp-content\/uploads\/2017\/02\/amedee2.jpg 1920w\" sizes=\"auto, (max-width: 1024px) 100vw, 1024px\" \/><\/figure>\n<\/div>\n\n\n\n<div class=\"wp-block-column is-layout-flow wp-block-column-is-layout-flow\">\n<p>Located at the corner of rue Casalis and rue Laplace, the Coll\u00e8ge Am\u00e9d\u00e9e Laplace is served by a generous forecourt. Its program revolves around an open playground and an overhang on the scale of the neighborhood.<\/p>\n\n\n\n<p>Like an interior urbanity, this figure provides pupils with landmarks and an easy-to-read overview of the school&#8217;s general operation. On the west side, a linear, three-story building houses the classrooms. It is intersected in the middle to naturally illuminate the circulation routes and visually reduce the effect of length.<\/p>\n<\/div>\n<\/div>\n\n\n\n<div class=\"wp-block-group\"><div class=\"wp-block-group__inner-container is-layout-constrained wp-block-group-is-layout-constrained\"><div class=\"wp-block-image img-alignleft-viewport img-width-80 img-width-mobile-100\">\n<figure class=\"size-large\"><img loading=\"lazy\" decoding=\"async\" width=\"1024\" height=\"576\" src=\"https:\/\/brenac-gonzalez.fr\/wp-content\/uploads\/2017\/02\/amedee1-1024x576.jpg\" alt=\"\" class=\"wp-image-1901\" srcset=\"https:\/\/brenac-gonzalez.fr\/wp-content\/uploads\/2017\/02\/amedee1-1024x576.jpg 1024w, https:\/\/brenac-gonzalez.fr\/wp-content\/uploads\/2017\/02\/amedee1-480x270.jpg 480w, https:\/\/brenac-gonzalez.fr\/wp-content\/uploads\/2017\/02\/amedee1-768x432.jpg 768w, https:\/\/brenac-gonzalez.fr\/wp-content\/uploads\/2017\/02\/amedee1-1536x864.jpg 1536w, https:\/\/brenac-gonzalez.fr\/wp-content\/uploads\/2017\/02\/amedee1-1200x675.jpg 1200w, https:\/\/brenac-gonzalez.fr\/wp-content\/uploads\/2017\/02\/amedee1-300x169.jpg 300w, https:\/\/brenac-gonzalez.fr\/wp-content\/uploads\/2017\/02\/amedee1.jpg 1920w\" sizes=\"auto, (max-width: 1024px) 100vw, 1024px\" \/><\/figure><\/div>\n\n<div class=\"wp-block-image img-alignright-viewport img-width-80 img-width-mobile-100\">\n<figure class=\"size-large\"><img loading=\"lazy\" decoding=\"async\" width=\"1024\" height=\"576\" src=\"https:\/\/brenac-gonzalez.fr\/wp-content\/uploads\/2017\/02\/amedee5-1024x576.jpg\" alt=\"\" class=\"wp-image-1909\" srcset=\"https:\/\/brenac-gonzalez.fr\/wp-content\/uploads\/2017\/02\/amedee5-1024x576.jpg 1024w, https:\/\/brenac-gonzalez.fr\/wp-content\/uploads\/2017\/02\/amedee5-480x270.jpg 480w, https:\/\/brenac-gonzalez.fr\/wp-content\/uploads\/2017\/02\/amedee5-768x432.jpg 768w, https:\/\/brenac-gonzalez.fr\/wp-content\/uploads\/2017\/02\/amedee5-1536x864.jpg 1536w, https:\/\/brenac-gonzalez.fr\/wp-content\/uploads\/2017\/02\/amedee5-1200x675.jpg 1200w, https:\/\/brenac-gonzalez.fr\/wp-content\/uploads\/2017\/02\/amedee5-300x169.jpg 300w, https:\/\/brenac-gonzalez.fr\/wp-content\/uploads\/2017\/02\/amedee5.jpg 1920w\" sizes=\"auto, (max-width: 1024px) 100vw, 1024px\" \/><\/figure><\/div><\/div><\/div>\n\n\n\n<div class=\"wp-block-columns is-layout-flex wp-container-core-columns-is-layout-9d6595d7 wp-block-columns-is-layout-flex\">\n<div class=\"wp-block-column is-layout-flow wp-block-column-is-layout-flow\">\n<p>The building along rue Casalis houses the specific programs: hall, multi-purpose room, library and art room. It is marked by a sculptural superposition of airy volumes that play with shapes, textures and colors. This assembly reinforces the visibility of the main entrance and echoes the metallic undulation of the fa\u00e7ade&#8217;s cladding. Totally autonomous, it acts as a curtain and solar protection. The lightness of its mesh contrasts with the minerality and opacity of the Valls stone base. Earth, air, light, fluidity, micro-urbanity, identity &#8211; these are the foundations of the project, which combines a classical tradition with a more contemporary take on the envelope.<\/p>\n<\/div>\n\n\n\n<div class=\"wp-block-column is-layout-flow wp-block-column-is-layout-flow\">\n<figure class=\"wp-block-image size-large img-width-mobile-90\"><img loading=\"lazy\" decoding=\"async\" width=\"1024\" height=\"576\" src=\"https:\/\/brenac-gonzalez.fr\/wp-content\/uploads\/2017\/02\/amedee6-1024x576.jpg\" alt=\"\" class=\"wp-image-1911\" srcset=\"https:\/\/brenac-gonzalez.fr\/wp-content\/uploads\/2017\/02\/amedee6-1024x576.jpg 1024w, https:\/\/brenac-gonzalez.fr\/wp-content\/uploads\/2017\/02\/amedee6-480x270.jpg 480w, https:\/\/brenac-gonzalez.fr\/wp-content\/uploads\/2017\/02\/amedee6-768x432.jpg 768w, https:\/\/brenac-gonzalez.fr\/wp-content\/uploads\/2017\/02\/amedee6-1536x864.jpg 1536w, https:\/\/brenac-gonzalez.fr\/wp-content\/uploads\/2017\/02\/amedee6-1200x675.jpg 1200w, https:\/\/brenac-gonzalez.fr\/wp-content\/uploads\/2017\/02\/amedee6-300x169.jpg 300w, https:\/\/brenac-gonzalez.fr\/wp-content\/uploads\/2017\/02\/amedee6.jpg 1920w\" sizes=\"auto, (max-width: 1024px) 100vw, 1024px\" \/><\/figure>\n<\/div>\n<\/div>\n\n\n\n<figure class=\"wp-block-image size-large img-aligncenterleft img-width-65 img-width-mobile-100\"><img loading=\"lazy\" decoding=\"async\" width=\"1024\" height=\"576\" src=\"https:\/\/brenac-gonzalez.fr\/wp-content\/uploads\/2017\/02\/amedee7-1024x576.jpg\" alt=\"\" class=\"wp-image-1913\" srcset=\"https:\/\/brenac-gonzalez.fr\/wp-content\/uploads\/2017\/02\/amedee7-1024x576.jpg 1024w, https:\/\/brenac-gonzalez.fr\/wp-content\/uploads\/2017\/02\/amedee7-480x270.jpg 480w, https:\/\/brenac-gonzalez.fr\/wp-content\/uploads\/2017\/02\/amedee7-768x432.jpg 768w, https:\/\/brenac-gonzalez.fr\/wp-content\/uploads\/2017\/02\/amedee7-1536x864.jpg 1536w, https:\/\/brenac-gonzalez.fr\/wp-content\/uploads\/2017\/02\/amedee7-1200x675.jpg 1200w, https:\/\/brenac-gonzalez.fr\/wp-content\/uploads\/2017\/02\/amedee7-300x169.jpg 300w, https:\/\/brenac-gonzalez.fr\/wp-content\/uploads\/2017\/02\/amedee7.jpg 1920w\" sizes=\"auto, (max-width: 1024px) 100vw, 1024px\" \/><\/figure>\n<\/div><\/div>\n\n\n\n<p class=\"is-style-photo-credits\">Photographie : Sergio Grazia<\/p>\n","protected":false},"excerpt":{"rendered":"<p>A sculptural superposition of aerial volumes. Located at the corner of rue Casalis and rue Laplace, the Coll\u00e8ge Am\u00e9d\u00e9e Laplace is served by a generous forecourt. Its program revolves around an open playground and an overhang on the scale of the neighborhood. Like an interior urbanity, this figure provides pupils with landmarks and an easy-to-read [&hellip;]<\/p>\n","protected":false},"author":7,"featured_media":1906,"template":"","meta":{"_acf_changed":false},"categories":[181],"client":[207],"etat":[79],"sustainability":[199,310],"simplified_certification":[],"materiel":[],"localisation":[233],"class_list":["post-9658","projet","type-projet","status-publish","has-post-thumbnail","hentry","category-school","client-departement-du-val-de-marne-en","etat-book","sustainability-high-environmental-quality","sustainability-rt-2012-en","localisation-creteil-en"],"acf":[],"yoast_head":"<!-- This site is optimized with the Yoast SEO plugin v20.11 - https:\/\/yoast.com\/wordpress\/plugins\/seo\/ -->\n<title>Am\u00e9d\u00e9e Laplace secondary school - Brenac &amp; Gonzalez et Associ\u00e9s<\/title>\n<meta name=\"robots\" content=\"index, follow, max-snippet:-1, max-image-preview:large, max-video-preview:-1\" \/>\n<link rel=\"canonical\" href=\"https:\/\/brenac-gonzalez.fr\/en\/projets\/college-amedee-laplace\/\" \/>\n<meta property=\"og:locale\" content=\"en_US\" \/>\n<meta property=\"og:type\" content=\"article\" \/>\n<meta property=\"og:title\" content=\"Am\u00e9d\u00e9e Laplace secondary school - Brenac &amp; Gonzalez et Associ\u00e9s\" \/>\n<meta property=\"og:description\" content=\"A sculptural superposition of aerial volumes. Located at the corner of rue Casalis and rue Laplace, the Coll\u00e8ge Am\u00e9d\u00e9e Laplace is served by a generous forecourt. Its program revolves around an open playground and an overhang on the scale of the neighborhood. Like an interior urbanity, this figure provides pupils with landmarks and an easy-to-read [&hellip;]\" \/>\n<meta property=\"og:url\" content=\"https:\/\/brenac-gonzalez.fr\/en\/projets\/college-amedee-laplace\/\" \/>\n<meta property=\"og:site_name\" content=\"Brenac &amp; Gonzalez et Associ\u00e9s\" \/>\n<meta property=\"article:publisher\" content=\"https:\/\/fr-fr.facebook.com\/BrenacGonzalez\/\" \/>\n<meta property=\"article:modified_time\" content=\"2025-07-10T09:46:40+00:00\" \/>\n<meta property=\"og:image\" content=\"https:\/\/brenac-gonzalez.fr\/wp-content\/uploads\/2017\/02\/amedee3.jpg\" \/>\n\t<meta property=\"og:image:width\" content=\"1920\" \/>\n\t<meta property=\"og:image:height\" content=\"1080\" \/>\n\t<meta property=\"og:image:type\" content=\"image\/jpeg\" \/>\n<meta name=\"twitter:card\" content=\"summary_large_image\" \/>\n<meta name=\"twitter:label1\" content=\"Est. reading time\" \/>\n\t<meta name=\"twitter:data1\" content=\"3 minutes\" \/>\n<script type=\"application\/ld+json\" class=\"yoast-schema-graph\">{\"@context\":\"https:\/\/schema.org\",\"@graph\":[{\"@type\":\"WebPage\",\"@id\":\"https:\/\/brenac-gonzalez.fr\/en\/projets\/college-amedee-laplace\/\",\"url\":\"https:\/\/brenac-gonzalez.fr\/en\/projets\/college-amedee-laplace\/\",\"name\":\"Am\u00e9d\u00e9e Laplace secondary school - Brenac &amp; Gonzalez et Associ\u00e9s\",\"isPartOf\":{\"@id\":\"https:\/\/brenac-gonzalez.fr\/#website\"},\"datePublished\":\"2023-11-06T16:39:19+00:00\",\"dateModified\":\"2025-07-10T09:46:40+00:00\",\"breadcrumb\":{\"@id\":\"https:\/\/brenac-gonzalez.fr\/en\/projets\/college-amedee-laplace\/#breadcrumb\"},\"inLanguage\":\"en-US\",\"potentialAction\":[{\"@type\":\"ReadAction\",\"target\":[\"https:\/\/brenac-gonzalez.fr\/en\/projets\/college-amedee-laplace\/\"]}]},{\"@type\":\"BreadcrumbList\",\"@id\":\"https:\/\/brenac-gonzalez.fr\/en\/projets\/college-amedee-laplace\/#breadcrumb\",\"itemListElement\":[{\"@type\":\"ListItem\",\"position\":1,\"name\":\"Portada\",\"item\":\"https:\/\/brenac-gonzalez.fr\/en\/\"},{\"@type\":\"ListItem\",\"position\":2,\"name\":\"Projets\",\"item\":\"https:\/\/brenac-gonzalez.fr\/projets\/\"},{\"@type\":\"ListItem\",\"position\":3,\"name\":\"Am\u00e9d\u00e9e Laplace secondary school\"}]},{\"@type\":\"WebSite\",\"@id\":\"https:\/\/brenac-gonzalez.fr\/#website\",\"url\":\"https:\/\/brenac-gonzalez.fr\/\",\"name\":\"Brenac &amp; Gonzalez et Associ\u00e9s\",\"description\":\"Atelier d&#039;architecture\",\"potentialAction\":[{\"@type\":\"SearchAction\",\"target\":{\"@type\":\"EntryPoint\",\"urlTemplate\":\"https:\/\/brenac-gonzalez.fr\/?s={search_term_string}\"},\"query-input\":\"required name=search_term_string\"}],\"inLanguage\":\"en-US\"}]}<\/script>\n<!-- \/ Yoast SEO plugin. -->","yoast_head_json":{"title":"Am\u00e9d\u00e9e Laplace secondary school - Brenac &amp; Gonzalez et Associ\u00e9s","robots":{"index":"index","follow":"follow","max-snippet":"max-snippet:-1","max-image-preview":"max-image-preview:large","max-video-preview":"max-video-preview:-1"},"canonical":"https:\/\/brenac-gonzalez.fr\/en\/projets\/college-amedee-laplace\/","og_locale":"en_US","og_type":"article","og_title":"Am\u00e9d\u00e9e Laplace secondary school - Brenac &amp; Gonzalez et Associ\u00e9s","og_description":"A sculptural superposition of aerial volumes. Located at the corner of rue Casalis and rue Laplace, the Coll\u00e8ge Am\u00e9d\u00e9e Laplace is served by a generous forecourt. Its program revolves around an open playground and an overhang on the scale of the neighborhood. Like an interior urbanity, this figure provides pupils with landmarks and an easy-to-read [&hellip;]","og_url":"https:\/\/brenac-gonzalez.fr\/en\/projets\/college-amedee-laplace\/","og_site_name":"Brenac &amp; Gonzalez et Associ\u00e9s","article_publisher":"https:\/\/fr-fr.facebook.com\/BrenacGonzalez\/","article_modified_time":"2025-07-10T09:46:40+00:00","og_image":[{"width":1920,"height":1080,"url":"https:\/\/brenac-gonzalez.fr\/wp-content\/uploads\/2017\/02\/amedee3.jpg","type":"image\/jpeg"}],"twitter_card":"summary_large_image","twitter_misc":{"Est. reading time":"3 minutes"},"schema":{"@context":"https:\/\/schema.org","@graph":[{"@type":"WebPage","@id":"https:\/\/brenac-gonzalez.fr\/en\/projets\/college-amedee-laplace\/","url":"https:\/\/brenac-gonzalez.fr\/en\/projets\/college-amedee-laplace\/","name":"Am\u00e9d\u00e9e Laplace secondary school - Brenac &amp; Gonzalez et Associ\u00e9s","isPartOf":{"@id":"https:\/\/brenac-gonzalez.fr\/#website"},"datePublished":"2023-11-06T16:39:19+00:00","dateModified":"2025-07-10T09:46:40+00:00","breadcrumb":{"@id":"https:\/\/brenac-gonzalez.fr\/en\/projets\/college-amedee-laplace\/#breadcrumb"},"inLanguage":"en-US","potentialAction":[{"@type":"ReadAction","target":["https:\/\/brenac-gonzalez.fr\/en\/projets\/college-amedee-laplace\/"]}]},{"@type":"BreadcrumbList","@id":"https:\/\/brenac-gonzalez.fr\/en\/projets\/college-amedee-laplace\/#breadcrumb","itemListElement":[{"@type":"ListItem","position":1,"name":"Portada","item":"https:\/\/brenac-gonzalez.fr\/en\/"},{"@type":"ListItem","position":2,"name":"Projets","item":"https:\/\/brenac-gonzalez.fr\/projets\/"},{"@type":"ListItem","position":3,"name":"Am\u00e9d\u00e9e Laplace secondary school"}]},{"@type":"WebSite","@id":"https:\/\/brenac-gonzalez.fr\/#website","url":"https:\/\/brenac-gonzalez.fr\/","name":"Brenac &amp; Gonzalez et Associ\u00e9s","description":"Atelier d&#039;architecture","potentialAction":[{"@type":"SearchAction","target":{"@type":"EntryPoint","urlTemplate":"https:\/\/brenac-gonzalez.fr\/?s={search_term_string}"},"query-input":"required name=search_term_string"}],"inLanguage":"en-US"}]}},"_links":{"self":[{"href":"https:\/\/brenac-gonzalez.fr\/en\/wp-json\/wp\/v2\/projet\/9658","targetHints":{"allow":["GET"]}}],"collection":[{"href":"https:\/\/brenac-gonzalez.fr\/en\/wp-json\/wp\/v2\/projet"}],"about":[{"href":"https:\/\/brenac-gonzalez.fr\/en\/wp-json\/wp\/v2\/types\/projet"}],"author":[{"embeddable":true,"href":"https:\/\/brenac-gonzalez.fr\/en\/wp-json\/wp\/v2\/users\/7"}],"wp:featuredmedia":[{"embeddable":true,"href":"https:\/\/brenac-gonzalez.fr\/en\/wp-json\/wp\/v2\/media\/1906"}],"wp:attachment":[{"href":"https:\/\/brenac-gonzalez.fr\/en\/wp-json\/wp\/v2\/media?parent=9658"}],"wp:term":[{"taxonomy":"category","embeddable":true,"href":"https:\/\/brenac-gonzalez.fr\/en\/wp-json\/wp\/v2\/categories?post=9658"},{"taxonomy":"client","embeddable":true,"href":"https:\/\/brenac-gonzalez.fr\/en\/wp-json\/wp\/v2\/client?post=9658"},{"taxonomy":"etat","embeddable":true,"href":"https:\/\/brenac-gonzalez.fr\/en\/wp-json\/wp\/v2\/etat?post=9658"},{"taxonomy":"sustainability","embeddable":true,"href":"https:\/\/brenac-gonzalez.fr\/en\/wp-json\/wp\/v2\/sustainability?post=9658"},{"taxonomy":"simplified_certification","embeddable":true,"href":"https:\/\/brenac-gonzalez.fr\/en\/wp-json\/wp\/v2\/simplified_certification?post=9658"},{"taxonomy":"materiel","embeddable":true,"href":"https:\/\/brenac-gonzalez.fr\/en\/wp-json\/wp\/v2\/materiel?post=9658"},{"taxonomy":"localisation","embeddable":true,"href":"https:\/\/brenac-gonzalez.fr\/en\/wp-json\/wp\/v2\/localisation?post=9658"}],"curies":[{"name":"wp","href":"https:\/\/api.w.org\/{rel}","templated":true}]}}